{"id":364,"date":"2016-11-03T14:37:15","date_gmt":"2016-11-03T14:37:15","guid":{"rendered":"http:\/\/aaliechtli.ch\/?page_id=364&#038;lang=es"},"modified":"2018-03-24T23:37:58","modified_gmt":"2018-03-24T23:37:58","slug":"quienes-somos","status":"publish","type":"page","link":"https:\/\/aaliechtli.ch\/es\/quienes-somos\/","title":{"rendered":"Qui\u00e9nes somos"},"content":{"rendered":"\t\t<div data-elementor-type=\"wp-post\" data-elementor-id=\"364\" class=\"elementor elementor-364 elementor-28 elementor-bc-flex-widget\">\n\t\t\t\t\t\t<section class=\"elementor-section elementor-top-section elementor-element elementor-element-qo4go1g elementor-section-boxed elementor-section-height-default elementor-section-height-default\" data-id=\"qo4go1g\" data-element_type=\"section\">\n\t\t\t\t\t\t<div class=\"elementor-container elementor-column-gap-default\">\n\t\t\t\t\t<div class=\"elementor-column elementor-col-50 elementor-top-column elementor-element elementor-element-mzx15c4\" data-id=\"mzx15c4\" data-element_type=\"column\">\n\t\t\t<div class=\"elementor-widget-wrap elementor-element-populated\">\n\t\t\t\t\t\t<div class=\"elementor-element elementor-element-uqxw4j7 elementor-widget elementor-widget-image\" data-id=\"uqxw4j7\" data-element_type=\"widget\" data-widget_type=\"image.default\">\n\t\t\t\t<div class=\"elementor-widget-container\">\n\t\t\t\t\t\t\t\t\t\t\t\t\t<img fetchpriority=\"high\" decoding=\"async\" width=\"945\" height=\"756\" src=\"https:\/\/aaliechtli.ch\/wp-content\/uploads\/2018\/02\/aaliechtli-team-collage.jpg\" class=\"attachment-large size-large wp-image-3261\" alt=\"\" srcset=\"https:\/\/aaliechtli.ch\/wp-content\/uploads\/2018\/02\/aaliechtli-team-collage.jpg 945w, https:\/\/aaliechtli.ch\/wp-content\/uploads\/2018\/02\/aaliechtli-team-collage-416x333.jpg 416w, https:\/\/aaliechtli.ch\/wp-content\/uploads\/2018\/02\/aaliechtli-team-collage-300x240.jpg 300w, https:\/\/aaliechtli.ch\/wp-content\/uploads\/2018\/02\/aaliechtli-team-collage-768x614.jpg 768w\" sizes=\"(max-width: 945px) 100vw, 945px\" \/>\t\t\t\t\t\t\t\t\t\t\t\t\t<\/div>\n\t\t\t\t<\/div>\n\t\t\t\t\t<\/div>\n\t\t<\/div>\n\t\t\t\t<div class=\"elementor-column elementor-col-50 elementor-top-column elementor-element elementor-element-hxtg9qg\" data-id=\"hxtg9qg\" data-element_type=\"column\">\n\t\t\t<div class=\"elementor-widget-wrap elementor-element-populated\">\n\t\t\t\t\t\t<div class=\"elementor-element elementor-element-qq4vbd2 elementor-widget elementor-widget-text-editor\" data-id=\"qq4vbd2\" data-element_type=\"widget\" data-widget_type=\"text-editor.default\">\n\t\t\t\t<div class=\"elementor-widget-container\">\n\t\t\t\t\t\t\t<pre id=\"tw-target-text\" class=\"tw-data-text tw-ta tw-text-small\" dir=\"ltr\" style=\"background-color: transparent; border: none; padding: 0px 0.14em 0px 0px; position: relative; margin-top: 0px; margin-bottom: 0px; resize: none; font-family: inherit; overflow: hidden; width: 276px; white-space: pre-wrap; word-wrap: break-word; color: #212121; height: 480px; font-size: 16px !important; line-height: 24px !important;\" data-placeholder=\"\u00dcbersetzung\" data-fulltext=\"\"><span lang=\"es\">Aaliechtli - \u00bfde d\u00f3nde viene nuestro nombre?\n\"Aaliechtli\" es una expresi\u00f3n del dialecto de Appenzell, derivada de la palabra \"luz del antepasado\". Sol\u00eda inflamarse despu\u00e9s de que alguien muri\u00f3. La mayor\u00eda de las veces se mantuvo ardiendo como una luz eterna en la familia.\n\nSignificado en los tiempos modernos:\nHoy, el Aaliechtli se enciende para acompa\u00f1ar a una persona mentalmente o en oraci\u00f3n a trav\u00e9s de una situaci\u00f3n de su vida particular.\nPru\u00e9balo!\n\nUna luz intensa iluminada\n\nTu equipo aaliechtli<\/span><\/pre>\t\t\t\t\t\t<\/div>\n\t\t\t\t<\/div>\n\t\t\t\t\t<\/div>\n\t\t<\/div>\n\t\t\t\t\t<\/div>\n\t\t<\/section>\n\t\t\t\t<section class=\"elementor-section elementor-top-section elementor-element elementor-element-mjatpgw elementor-section-height-min-height elementor-section-content-middle elementor-section-boxed elementor-section-height-default elementor-section-items-middle\" data-id=\"mjatpgw\" data-element_type=\"section\" data-settings=\"{&quot;background_background&quot;:&quot;classic&quot;}\">\n\t\t\t\t\t\t\t<div class=\"elementor-background-overlay\"><\/div>\n\t\t\t\t\t\t\t<div class=\"elementor-container elementor-column-gap-default\">\n\t\t\t\t\t<div class=\"elementor-column elementor-col-100 elementor-top-column elementor-element elementor-element-umfxzgi\" data-id=\"umfxzgi\" data-element_type=\"column\">\n\t\t\t<div class=\"elementor-widget-wrap elementor-element-populated\">\n\t\t\t\t\t\t<div class=\"elementor-element elementor-element-x724tza elementor-align-center elementor-widget elementor-widget-button\" data-id=\"x724tza\" data-element_type=\"widget\" data-widget_type=\"button.default\">\n\t\t\t\t<div class=\"elementor-widget-container\">\n\t\t\t\t\t<div class=\"elementor-button-wrapper\">\n\t\t\t<a class=\"elementor-button elementor-button-link elementor-size-lg\" href=\"http:\/\/aaliechtli.ch\/?page_id=402\">\n\t\t\t\t\t\t<span class=\"elementor-button-content-wrapper\">\n\t\t\t\t\t\t\t\t\t<span class=\"elementor-button-text\">Nuestra historio en un Blog<\/span>\n\t\t\t\t\t<\/span>\n\t\t\t\t\t<\/a>\n\t\t<\/div>\n\t\t\t\t<\/div>\n\t\t\t\t<\/div>\n\t\t\t\t\t<\/div>\n\t\t<\/div>\n\t\t\t\t\t<\/div>\n\t\t<\/section>\n\t\t\t\t<\/div>\n\t\t","protected":false},"excerpt":{"rendered":"<p>Aaliechtli &#8211; \u00bfde d\u00f3nde viene nuestro nombre? \u00abAaliechtli\u00bb es una expresi\u00f3n del dialecto de Appenzell, derivada de la palabra \u00abluz del antepasado\u00bb. Sol\u00eda inflamarse despu\u00e9s de que alguien muri\u00f3. La [&hellip;]<\/p>\n","protected":false},"author":3,"featured_media":0,"parent":0,"menu_order":0,"comment_status":"closed","ping_status":"closed","template":"","meta":{"footnotes":""},"class_list":["post-364","page","type-page","status-publish","hentry"],"yoast_head":"<!-- This site is optimized with the Yoast SEO plugin v23.6 - https:\/\/yoast.com\/wordpress\/plugins\/seo\/ -->\n<title>Qui\u00e9nes somos - Aaliechtli<\/title>\n<meta name=\"robots\" content=\"index, follow, max-snippet:-1, max-image-preview:large, max-video-preview:-1\" \/>\n<link rel=\"canonical\" href=\"https:\/\/aaliechtli.ch\/quienes-somos\/\" \/>\n<meta property=\"og:locale\" content=\"es_ES\" \/>\n<meta property=\"og:type\" content=\"article\" \/>\n<meta property=\"og:title\" content=\"Qui\u00e9nes somos - Aaliechtli\" \/>\n<meta property=\"og:description\" content=\"Aaliechtli - \u00bfde d\u00f3nde viene nuestro nombre? &quot;Aaliechtli&quot; es una expresi\u00f3n del dialecto de Appenzell, derivada de la palabra &quot;luz del antepasado&quot;. Sol\u00eda inflamarse despu\u00e9s de que alguien muri\u00f3. La [&hellip;]\" \/>\n<meta property=\"og:url\" content=\"https:\/\/aaliechtli.ch\/quienes-somos\/\" \/>\n<meta property=\"og:site_name\" content=\"Aaliechtli\" \/>\n<meta property=\"article:modified_time\" content=\"2018-03-24T23:37:58+00:00\" \/>\n<meta property=\"og:image\" content=\"http:\/\/aaliechtli.ch\/wp-content\/uploads\/2018\/02\/aaliechtli-team-collage.jpg\" \/>\n<meta name=\"twitter:card\" content=\"summary_large_image\" \/>\n<script type=\"application\/ld+json\" class=\"yoast-schema-graph\">{\"@context\":\"https:\/\/schema.org\",\"@graph\":[{\"@type\":\"WebPage\",\"@id\":\"https:\/\/aaliechtli.ch\/quienes-somos\/\",\"url\":\"https:\/\/aaliechtli.ch\/quienes-somos\/\",\"name\":\"Qui\u00e9nes somos - Aaliechtli\",\"isPartOf\":{\"@id\":\"https:\/\/aaliechtli.ch\/#website\"},\"primaryImageOfPage\":{\"@id\":\"https:\/\/aaliechtli.ch\/quienes-somos\/#primaryimage\"},\"image\":{\"@id\":\"https:\/\/aaliechtli.ch\/quienes-somos\/#primaryimage\"},\"thumbnailUrl\":\"http:\/\/aaliechtli.ch\/wp-content\/uploads\/2018\/02\/aaliechtli-team-collage.jpg\",\"datePublished\":\"2016-11-03T14:37:15+00:00\",\"dateModified\":\"2018-03-24T23:37:58+00:00\",\"breadcrumb\":{\"@id\":\"https:\/\/aaliechtli.ch\/quienes-somos\/#breadcrumb\"},\"inLanguage\":\"es\",\"potentialAction\":[{\"@type\":\"ReadAction\",\"target\":[\"https:\/\/aaliechtli.ch\/quienes-somos\/\"]}]},{\"@type\":\"ImageObject\",\"inLanguage\":\"es\",\"@id\":\"https:\/\/aaliechtli.ch\/quienes-somos\/#primaryimage\",\"url\":\"http:\/\/aaliechtli.ch\/wp-content\/uploads\/2018\/02\/aaliechtli-team-collage.jpg\",\"contentUrl\":\"http:\/\/aaliechtli.ch\/wp-content\/uploads\/2018\/02\/aaliechtli-team-collage.jpg\"},{\"@type\":\"BreadcrumbList\",\"@id\":\"https:\/\/aaliechtli.ch\/quienes-somos\/#breadcrumb\",\"itemListElement\":[{\"@type\":\"ListItem\",\"position\":1,\"name\":\"Home\",\"item\":\"https:\/\/aaliechtli.ch\/es\/\"},{\"@type\":\"ListItem\",\"position\":2,\"name\":\"Qui\u00e9nes somos\"}]},{\"@type\":\"WebSite\",\"@id\":\"https:\/\/aaliechtli.ch\/#website\",\"url\":\"https:\/\/aaliechtli.ch\/\",\"name\":\"Aaliechtli\",\"description\":\"\",\"publisher\":{\"@id\":\"https:\/\/aaliechtli.ch\/#organization\"},\"potentialAction\":[{\"@type\":\"SearchAction\",\"target\":{\"@type\":\"EntryPoint\",\"urlTemplate\":\"https:\/\/aaliechtli.ch\/?s={search_term_string}\"},\"query-input\":{\"@type\":\"PropertyValueSpecification\",\"valueRequired\":true,\"valueName\":\"search_term_string\"}}],\"inLanguage\":\"es\"},{\"@type\":\"Organization\",\"@id\":\"https:\/\/aaliechtli.ch\/#organization\",\"name\":\"Aaliechtli\",\"url\":\"https:\/\/aaliechtli.ch\/\",\"logo\":{\"@type\":\"ImageObject\",\"inLanguage\":\"es\",\"@id\":\"https:\/\/aaliechtli.ch\/#\/schema\/logo\/image\/\",\"url\":\"https:\/\/aaliechtli.ch\/wp-content\/uploads\/2016\/11\/cropped-logo-aaliechtli-7.png\",\"contentUrl\":\"https:\/\/aaliechtli.ch\/wp-content\/uploads\/2016\/11\/cropped-logo-aaliechtli-7.png\",\"width\":375,\"height\":110,\"caption\":\"Aaliechtli\"},\"image\":{\"@id\":\"https:\/\/aaliechtli.ch\/#\/schema\/logo\/image\/\"}}]}<\/script>\n<!-- \/ Yoast SEO plugin. -->","yoast_head_json":{"title":"Qui\u00e9nes somos - Aaliechtli","robots":{"index":"index","follow":"follow","max-snippet":"max-snippet:-1","max-image-preview":"max-image-preview:large","max-video-preview":"max-video-preview:-1"},"canonical":"https:\/\/aaliechtli.ch\/quienes-somos\/","og_locale":"es_ES","og_type":"article","og_title":"Qui\u00e9nes somos - Aaliechtli","og_description":"Aaliechtli - \u00bfde d\u00f3nde viene nuestro nombre? \"Aaliechtli\" es una expresi\u00f3n del dialecto de Appenzell, derivada de la palabra \"luz del antepasado\". Sol\u00eda inflamarse despu\u00e9s de que alguien muri\u00f3. La [&hellip;]","og_url":"https:\/\/aaliechtli.ch\/quienes-somos\/","og_site_name":"Aaliechtli","article_modified_time":"2018-03-24T23:37:58+00:00","og_image":[{"url":"http:\/\/aaliechtli.ch\/wp-content\/uploads\/2018\/02\/aaliechtli-team-collage.jpg"}],"twitter_card":"summary_large_image","schema":{"@context":"https:\/\/schema.org","@graph":[{"@type":"WebPage","@id":"https:\/\/aaliechtli.ch\/quienes-somos\/","url":"https:\/\/aaliechtli.ch\/quienes-somos\/","name":"Qui\u00e9nes somos - Aaliechtli","isPartOf":{"@id":"https:\/\/aaliechtli.ch\/#website"},"primaryImageOfPage":{"@id":"https:\/\/aaliechtli.ch\/quienes-somos\/#primaryimage"},"image":{"@id":"https:\/\/aaliechtli.ch\/quienes-somos\/#primaryimage"},"thumbnailUrl":"http:\/\/aaliechtli.ch\/wp-content\/uploads\/2018\/02\/aaliechtli-team-collage.jpg","datePublished":"2016-11-03T14:37:15+00:00","dateModified":"2018-03-24T23:37:58+00:00","breadcrumb":{"@id":"https:\/\/aaliechtli.ch\/quienes-somos\/#breadcrumb"},"inLanguage":"es","potentialAction":[{"@type":"ReadAction","target":["https:\/\/aaliechtli.ch\/quienes-somos\/"]}]},{"@type":"ImageObject","inLanguage":"es","@id":"https:\/\/aaliechtli.ch\/quienes-somos\/#primaryimage","url":"http:\/\/aaliechtli.ch\/wp-content\/uploads\/2018\/02\/aaliechtli-team-collage.jpg","contentUrl":"http:\/\/aaliechtli.ch\/wp-content\/uploads\/2018\/02\/aaliechtli-team-collage.jpg"},{"@type":"BreadcrumbList","@id":"https:\/\/aaliechtli.ch\/quienes-somos\/#breadcrumb","itemListElement":[{"@type":"ListItem","position":1,"name":"Home","item":"https:\/\/aaliechtli.ch\/es\/"},{"@type":"ListItem","position":2,"name":"Qui\u00e9nes somos"}]},{"@type":"WebSite","@id":"https:\/\/aaliechtli.ch\/#website","url":"https:\/\/aaliechtli.ch\/","name":"Aaliechtli","description":"","publisher":{"@id":"https:\/\/aaliechtli.ch\/#organization"},"potentialAction":[{"@type":"SearchAction","target":{"@type":"EntryPoint","urlTemplate":"https:\/\/aaliechtli.ch\/?s={search_term_string}"},"query-input":{"@type":"PropertyValueSpecification","valueRequired":true,"valueName":"search_term_string"}}],"inLanguage":"es"},{"@type":"Organization","@id":"https:\/\/aaliechtli.ch\/#organization","name":"Aaliechtli","url":"https:\/\/aaliechtli.ch\/","logo":{"@type":"ImageObject","inLanguage":"es","@id":"https:\/\/aaliechtli.ch\/#\/schema\/logo\/image\/","url":"https:\/\/aaliechtli.ch\/wp-content\/uploads\/2016\/11\/cropped-logo-aaliechtli-7.png","contentUrl":"https:\/\/aaliechtli.ch\/wp-content\/uploads\/2016\/11\/cropped-logo-aaliechtli-7.png","width":375,"height":110,"caption":"Aaliechtli"},"image":{"@id":"https:\/\/aaliechtli.ch\/#\/schema\/logo\/image\/"}}]}},"_links":{"self":[{"href":"https:\/\/aaliechtli.ch\/es\/wp-json\/wp\/v2\/pages\/364","targetHints":{"allow":["GET"]}}],"collection":[{"href":"https:\/\/aaliechtli.ch\/es\/wp-json\/wp\/v2\/pages"}],"about":[{"href":"https:\/\/aaliechtli.ch\/es\/wp-json\/wp\/v2\/types\/page"}],"author":[{"embeddable":true,"href":"https:\/\/aaliechtli.ch\/es\/wp-json\/wp\/v2\/users\/3"}],"replies":[{"embeddable":true,"href":"https:\/\/aaliechtli.ch\/es\/wp-json\/wp\/v2\/comments?post=364"}],"version-history":[{"count":5,"href":"https:\/\/aaliechtli.ch\/es\/wp-json\/wp\/v2\/pages\/364\/revisions"}],"predecessor-version":[{"id":3339,"href":"https:\/\/aaliechtli.ch\/es\/wp-json\/wp\/v2\/pages\/364\/revisions\/3339"}],"wp:attachment":[{"href":"https:\/\/aaliechtli.ch\/es\/wp-json\/wp\/v2\/media?parent=364"}],"curies":[{"name":"wp","href":"https:\/\/api.w.org\/{rel}","templated":true}]}}